{"id":1434,"date":"2026-03-03T14:09:04","date_gmt":"2026-03-03T13:09:04","guid":{"rendered":"https:\/\/biwena.de\/?page_id=1434"},"modified":"2026-03-18T11:35:14","modified_gmt":"2026-03-18T10:35:14","slug":"bauklima-kommunal-vortraege-und-material","status":"publish","type":"page","link":"https:\/\/biwena.de\/index.php\/bauklima-kommunal\/bauklima-kommunal-vortraege-und-material\/","title":{"rendered":"BauKlima-Kommunal Vortr\u00e4ge und Material"},"content":{"rendered":"\n<h2 class=\"wp-block-heading\">BauKlima-Kommunal Vortr\u00e4ge und Material<\/h2>\n\n\n\n<p>Michael Burchert: <strong>\u201eDie kommunale Bauwende\u201c<\/strong> ( zum <a href=\"https:\/\/biwena.de\/index.php\/bauklima-kommunal\/die-kommunale-bauwende\/\" data-type=\"page\" data-id=\"1122\">ARTIKEL <\/a> \/ Handreichung <a href=\"https:\/\/biwena.de\/wp-content\/uploads\/2026\/03\/Die-kommunale-Bauwende.-Eine-Handreichung-fuer-Kommunen-_final_mitBeschnittZugabe.pdf\">PDF<\/a>)<\/p>\n\n\n\n<div class=\"wp-block-cover is-light wp-duotone-unset-1\"><img loading=\"lazy\" decoding=\"async\" width=\"768\" height=\"1024\" class=\"wp-block-cover__image-background wp-image-847 size-full\" alt=\"\" src=\"https:\/\/biwena.de\/wp-content\/uploads\/2025\/11\/IMG_8004.jpg\" data-object-fit=\"cover\" srcset=\"https:\/\/biwena.de\/wp-content\/uploads\/2025\/11\/IMG_8004.jpg 768w, https:\/\/biwena.de\/wp-content\/uploads\/2025\/11\/IMG_8004-225x300.jpg 225w\" sizes=\"auto, (max-width: 768px) 100vw, 768px\" \/><span aria-hidden=\"true\" class=\"wp-block-cover__background has-background-dim\" style=\"background-color:#8b8982\"><\/span><div class=\"wp-block-cover__inner-container has-global-padding is-layout-constrained wp-block-cover-is-layout-constrained\">\n<p class=\"has-text-align-left has-large-font-size\"><mark style=\"background-color:#fddcc8\" class=\"has-inline-color\">Wie wir <a href=\"https:\/\/biwena.de\/index.php\/bauklima-kommunal\/die-kommunale-bauwende\/\" data-type=\"page\" data-id=\"1122\">die kommunale Bauwende<\/a> erreichen, eine Handreichung zum Nachhaltigen Bauen in Kommunen.<\/mark><\/p>\n<\/div><\/div>\n\n\n\n<p><strong>26.01.2026<\/strong> &#8211; Dennis Harms, Baugestalt: <strong>&#8222;Sanieren mit Stroh&#8220;<\/strong><\/p>\n\n\n\n<div data-wp-interactive=\"core\/file\" class=\"wp-block-file\"><object data-wp-bind--hidden=\"!state.hasPdfPreview\" hidden class=\"wp-block-file__embed\" data=\"https:\/\/biwena.de\/wp-content\/uploads\/2026\/02\/Praesentation-BAUGESTALT-sanieren-mit-stroh_min.pdf\" type=\"application\/pdf\" style=\"width:100%;height:600px\" aria-label=\"Einbettung von Dennis Harms, BAUGESTALT - Sanieren mit Stroh.\"><\/object><a id=\"wp-block-file--media-8873015d-25ce-423a-83e5-655e94b6d476\" href=\"https:\/\/biwena.de\/wp-content\/uploads\/2026\/02\/Praesentation-BAUGESTALT-sanieren-mit-stroh_min.pdf\">Dennis Harms, BAUGESTALT &#8211; Sanieren mit Stroh<\/a><a href=\"https:\/\/biwena.de\/wp-content\/uploads\/2026\/02\/Praesentation-BAUGESTALT-sanieren-mit-stroh_min.pdf\" class=\"wp-block-file__button wp-element-button\" download aria-describedby=\"wp-block-file--media-8873015d-25ce-423a-83e5-655e94b6d476\">Herunterladen<\/a><\/div>\n\n\n\n<p>Dennis Harms, <a href=\"https:\/\/www.baugestalt.de\/\">Baugestalt<\/a>, zeigte, wie wir mit pr\u00e4zise vorgefertigten, modernen Strohelementen gewaltige kommunale Energieeinsparungen erreichen, ohne hohe Graue Emissionen der Herstellung zu verursachen. Hierbei wurden 7 Schwimmhallen im Oberhausener DISKO Projekt mit <a href=\"https:\/\/biwena.de\/wp-content\/uploads\/2026\/02\/Vortrag_Leipzig_Tim-Junghanns.pdf\" data-type=\"attachment\" data-id=\"1421\">Lorenz Systeme Modulen<\/a> modernisiert und \u00fcber hundert Tonnen CO2 eingelagert statt emittiert.  Ein ambitioniertes Gro\u00dfprojekt mit Pionier*innenarbeit, das mehr Aufmerksamkeit verdient. Hier k\u00f6nnte bereits eine Blaupause f\u00fcr viele Kommunen entstanden sein, f\u00fcr ein nahezu serielles Bauen und Sanieren, dass die Herausforderungen des Wandels schon gemeistert hat. (Siehe auch DISKO Projekt <a href=\"https:\/\/www.duh.de\/fileadmin\/user_upload\/download\/Projektinformation\/Kommunaler_Umweltschutz\/BauKlima_Kommunal\/Regionale_Fachhveranstaltungen\/Fachveranstaltung_West\/20251007_DUH-Vortrag_Oberhausen_DISKO_%C3%B6ffentlich.pdf\">PDF<\/a>).<\/p>\n\n\n\n<p><strong>04.09.2025<\/strong> &#8211; Michael Burchert: <strong>&#8222;Wie gelingt die nachhaltige kommunale Beschaffung?&#8220;<\/strong><\/p>\n\n\n\n<figure class=\"wp-block-embed is-type-video is-provider-youtube wp-block-embed-youtube wp-embed-aspect-16-9 wp-has-aspect-ratio\"><div class=\"wp-block-embed__wrapper\">\n<iframe loading=\"lazy\" title=\"Michael Burchert: Wie gelingt die nachhaltige kommunale Beschaffung?\" width=\"500\" height=\"281\" src=\"https:\/\/www.youtube.com\/embed\/dl5AxTUVGuM?feature=oembed\" frameborder=\"0\" allow=\"accelerometer; autoplay; clipboard-write; encrypted-media; gyroscope; picture-in-picture; web-share\" referrerpolicy=\"strict-origin-when-cross-origin\" allowfullscreen><\/iframe>\n<\/div><\/figure>\n\n\n\n<p>Die kommunale Bauwende verfolgt das Ziel eines \u201eschadlosen Bauens\u201c, bei dem Kommunen durch nachhaltige Beschaffung sowie den verst\u00e4rkten Einsatz nachwachsender Rohstoffe, Lehm, Wiedernutzung und vor allem Sanierung eine Vorbildrolle einnehmen. Dies kann \u00fcber die Einpreisung der Umweltfolgekosten geschehen, sodass Projektvarianten sich fair vergleichbar machen und gute Geb\u00e4ude mit dem geringsten Fu\u00dfabdruck entstehen. Ebenfalls muss die Vergabepraxis hin zu einem wirtschaftlichen und nachhaltigen, gemeinsamen Prozess ver\u00e4ndert werden um die Qualit\u00e4t zu bekommen, die gew\u00fcnscht ist. (Siehe auch den zugeh\u00f6rigen <a href=\"https:\/\/biwena.de\/index.php\/bauklima-kommunal\/die-kommunale-bauwende\/\" data-type=\"page\" data-id=\"1122\">Artikel<\/a> und die <a href=\"https:\/\/biwena.de\/wp-content\/uploads\/2026\/03\/Wie-gelingt-die-nachhaltige-kommunale-Beschaffung_-1-1.pdf\">Pr\u00e4sentation<\/a>)<\/p>\n\n\n\n<p><strong>04.09.2025 <\/strong>\u2013 Michael Burchert: <strong>\u201eEine Bauwende einleiten\u201c <\/strong><\/p>\n\n\n\n<figure class=\"wp-block-embed is-type-video is-provider-youtube wp-block-embed-youtube wp-embed-aspect-16-9 wp-has-aspect-ratio\"><div class=\"wp-block-embed__wrapper\">\n<iframe loading=\"lazy\" title=\"Michael Burchert: Eine Bauwende einleiten\" width=\"500\" height=\"281\" src=\"https:\/\/www.youtube.com\/embed\/TEZADZNIDxc?feature=oembed\" frameborder=\"0\" allow=\"accelerometer; autoplay; clipboard-write; encrypted-media; gyroscope; picture-in-picture; web-share\" referrerpolicy=\"strict-origin-when-cross-origin\" allowfullscreen><\/iframe>\n<\/div><\/figure>\n\n\n\n<p>Michael Burchert, <a href=\"https:\/\/www.biwena.de\">BIWENA e.V<\/a>., will eine Bauwende einleiten. Bauwende, was bedeutet das wirklich? Die Ert\u00fcchtigung des Bestands und die vorrangige Nutzung von nachwachsenden, kreislauff\u00e4higen Rohstoffen, wenn denn neu gebaut wird. Wie bei der Energiewende auch, sind es hier letzlich auch die Erneuerbaren &#8211; Materialien, nicht nur Energien, die die Wende bringen. Ein schadloses Bauen, das klar einen Weg weg von dem fossil-abh\u00e4ngigen Wirtschaften aufzeigt, wie unter Einhaltung des Treibhausgas- und Ressourcenbudgets mit Weniger, bessere Geb\u00e4ude entstehen k\u00f6nnen und zu Modernisieren. (Siehe auch die zugeh\u00f6rige <a href=\"https:\/\/biwena.de\/wp-content\/uploads\/2026\/03\/Eine-Bauwende-einleiten_MB.pdf\">Pr\u00e4sentation<\/a>)<\/p>\n\n\n\n<p><strong>04.09.2025 <\/strong>\u2013 Ulrich Steinmeyer: <strong>\u201eBauwende aus der Praxis\u201c<\/strong><\/p>\n\n\n\n<figure class=\"wp-block-embed is-type-video is-provider-youtube wp-block-embed-youtube wp-embed-aspect-16-9 wp-has-aspect-ratio\"><div class=\"wp-block-embed__wrapper\">\n<iframe loading=\"lazy\" title=\"Ulrich Steinmeyer: Bauwende aus der Praxis\" width=\"500\" height=\"281\" src=\"https:\/\/www.youtube.com\/embed\/5Agb37EwSgY?feature=oembed\" frameborder=\"0\" allow=\"accelerometer; autoplay; clipboard-write; encrypted-media; gyroscope; picture-in-picture; web-share\" referrerpolicy=\"strict-origin-when-cross-origin\" allowfullscreen><\/iframe>\n<\/div><\/figure>\n\n\n\n<p>Uli Steinmeyer, Vorstand der <a href=\"http:\/\/oekoplus.com\">\u00d6koplus AG<\/a> und unter anderem <a href=\"http:\/\/biber-online.de\" data-type=\"link\" data-id=\"biber-online.de\">Passivhaushandwerker<\/a>, erl\u00e4utert im Webinar von \u201eBauKlima-Kommunal\u201c, was im \u00f6kologischen Bauen heute bereits Standard ist. Sein Fokus liegt dabei nicht auf einem lediglich \u201eetwas klimafreundlicheren\u201c Bauen, das nur weniger sch\u00e4dlich ist als die aktuelle Praxis, sondern auf Bauweisen, die bereits jetzt konsequent klimatauglich sind. Dabei muss das noch nicht mal teurer sein. Ein sehr interessanter Einblick in die handwerkliche und unternehmerische Praxis.<\/p>\n\n\n\n<p><\/p>\n\n\n\n<p><strong>16.09.2025 <\/strong>\u2013 Tilmann Jarmer: <strong>\u201eEinfach Bauen\u201c<\/strong><\/p>\n\n\n\n<figure class=\"wp-block-embed is-type-video is-provider-youtube wp-block-embed-youtube wp-embed-aspect-16-9 wp-has-aspect-ratio\"><div class=\"wp-block-embed__wrapper\">\n<iframe loading=\"lazy\" title=\"Tilmann Jarmer: Einfach Bauen\" width=\"500\" height=\"281\" src=\"https:\/\/www.youtube.com\/embed\/QGe4s0vM0NY?feature=oembed\" frameborder=\"0\" allow=\"accelerometer; autoplay; clipboard-write; encrypted-media; gyroscope; picture-in-picture; web-share\" referrerpolicy=\"strict-origin-when-cross-origin\" allowfullscreen><\/iframe>\n<\/div><\/figure>\n\n\n\n<p>Tilmann Jarmer (<a href=\"https:\/\/www.arc.ed.tum.de\/lek\/team\/\">TUM<\/a>) berichtet \u00fcber einfache Bauweisen mit nachhaltigen Materialien und reduzierter Technik, die nachgewiesen ein hohes Ma\u00df an Zufriedenheit der Nutzenden erzeugen. Untersucht wurden verschiedene, \u201aeinfach\u2018 gebaute und bewohnte, mehrgeschossige <a href=\"http:\/\/einfach-bauen.net\">Forschungsh\u00e4user in Bad Aibling<\/a> aus Holz, aus Mauerwerk und aus Leichtbeton. Hierbei wurde sich das Nutzendenverhalten sehr genau angeschaut, was z.B. L\u00fcften, Heizen, Wohlbefinden angeht. Wir werfen hier einen Blick in die Zukunft des g\u00fcnstigen, klimaangepassten Bauens und Wohnens, das sich eindeutig in Richtung neu interpretierter, klassischer Baumaterialien (Holz, nawaRo und Lehm) und weniger Technische Geb\u00e4udeausstattung (TGA) bewegt. An der Stelle merken wir, dass Suffizienz nicht unbedingt weniger Komfort bedeuten muss. Wie viel ist genug? Unbedingt anschauen!<\/p>\n\n\n\n<p><\/p>\n\n\n\n<p><strong>19.09.2025 <\/strong>\u2013 Ulrich Bunnemann: <strong>\u201eNachwachsende Rohstoffe in der Bestandssanierung \u2013 Erfahrungen aus langj\u00e4hriger Praxis\u201c<\/strong><\/p>\n\n\n\n<figure class=\"wp-block-embed is-type-video is-provider-youtube wp-block-embed-youtube wp-embed-aspect-16-9 wp-has-aspect-ratio\"><div class=\"wp-block-embed__wrapper\">\n<iframe loading=\"lazy\" title=\"Ulrich Bunnemann: NawaRo in der Bestandssanierung. Erfahrungen aus langj\u00e4hriger Praxis\" width=\"500\" height=\"281\" src=\"https:\/\/www.youtube.com\/embed\/uvMVYlfowSM?feature=oembed\" frameborder=\"0\" allow=\"accelerometer; autoplay; clipboard-write; encrypted-media; gyroscope; picture-in-picture; web-share\" referrerpolicy=\"strict-origin-when-cross-origin\" allowfullscreen><\/iframe>\n<\/div><\/figure>\n\n\n\n<p>Architekt und Bauunternehmer Ulrich Bunnemann von der <a href=\"http:\/\/schelfbauhuette.de\" data-type=\"link\" data-id=\"schelfbauhuette.de\">Schelfbauh\u00fctte<\/a> spricht \u00fcber die Sanierung von Bestandsgeb\u00e4uden mit nachwachsenden Rohstoffen u.a. Stroh, Holz, Zellulose (NawaRo). Unter anderem sanierte er Fachwerkgeb\u00e4ude, die Sie vermutlich l\u00e4ngst abgeschrieben h\u00e4tten. Er pl\u00e4diert leidenschaftlich f\u00fcr den Erhalt von Bausubstanz statt Abriss und Neubau. Dabei lie\u00df er sich nicht abhalten, ein ganzes Industrieareal mit Schrottimmobilien und einer Schwimmhalle zu bezahlbarem Wohnraum mit &#8222;Strohbauankern&#8220; zu modernisieren. Ein eindrucksvoller Lebensweg, der aufzeigt wie wichtig es ist, \u00fcber die Grenzen von Architektur als Design hinauszugehen und sich dem Handwerk, der Produktion, der \u00d6kologie, den bestehenden Orten, Geb\u00e4uden und damit am Ende dem Sozialen zu widmen. Ein wiederkehrendes Schema in der besten Bauwende-Praxis.<\/p>\n\n\n\n<p><\/p>\n\n\n\n<p><strong>19.09.2025<\/strong> Dorothee Mix: <strong>Innend\u00e4mmung zum Erhalt der Baukultur <\/strong><\/p>\n\n\n\n<div data-wp-interactive=\"core\/file\" class=\"wp-block-file\"><object data-wp-bind--hidden=\"!state.hasPdfPreview\" hidden class=\"wp-block-file__embed\" data=\"https:\/\/biwena.de\/wp-content\/uploads\/2026\/03\/Innendaemmung.pdf\" type=\"application\/pdf\" style=\"width:100%;height:600px\" aria-label=\"Einbettung von Innend\u00e4mmung Pr\u00e4sentation.\"><\/object><a id=\"wp-block-file--media-582dcb98-424c-4c7b-a534-57f978e2a5d9\" href=\"https:\/\/biwena.de\/wp-content\/uploads\/2026\/03\/Innendaemmung.pdf\">Innend\u00e4mmung Pr\u00e4sentation<\/a><a href=\"https:\/\/biwena.de\/wp-content\/uploads\/2026\/03\/Innendaemmung.pdf\" class=\"wp-block-file__button wp-element-button\" download aria-describedby=\"wp-block-file--media-582dcb98-424c-4c7b-a534-57f978e2a5d9\">Herunterladen<\/a><\/div>\n\n\n\n<p>Innend\u00e4mmungen sind f\u00fcr uns zu Unrecht im Verruf geraten, insbesondere in Verbindung mit Lehm und Leichtlehmen mit nachwachsenden Rohstoffen, lassen sich hervorragende Effizienz- und Komfortgewinne f\u00fcr Geb\u00e4udenutzende schaffen. Dorothee Mix, Weiterbildnerin vom BIWENA e.V. und Bauhandwerkerin mit langer Erfahrung, erkl\u00e4rt, dass f\u00fcr das kontrovers diskutierte Thema, klare Regeln eingehalten werden m\u00fcssen, wenn es gut werden soll. (Hier geht es zur <a href=\"https:\/\/biwena.de\/wp-content\/uploads\/2026\/03\/Innendaemmung.pdf\">Pr\u00e4sentation<\/a>)<\/p>\n\n\n\n<p><\/p>\n\n\n\n<p><strong>24.09.2025<\/strong> \u2013 Klaus Dosch: <strong>\u201eBauwende f\u00fcr Ihre Klimaziele \u2013 Ein einfacher, pragmatischer Ansatz zum Multiplizieren.\u201c<\/strong><\/p>\n\n\n\n<figure class=\"wp-block-embed is-type-video is-provider-youtube wp-block-embed-youtube wp-embed-aspect-16-9 wp-has-aspect-ratio\"><div class=\"wp-block-embed__wrapper\">\n<iframe loading=\"lazy\" title=\"Klaus Dosch: Bauwende f\u00fcr Ihre Klimaziele, einfacher, pragmatischer Ansatz zum Multiplizieren\" width=\"500\" height=\"281\" src=\"https:\/\/www.youtube.com\/embed\/0CCXWgCL2QQ?feature=oembed\" frameborder=\"0\" allow=\"accelerometer; autoplay; clipboard-write; encrypted-media; gyroscope; picture-in-picture; web-share\" referrerpolicy=\"strict-origin-when-cross-origin\" allowfullscreen><\/iframe>\n<\/div><\/figure>\n\n\n\n<p>Klaus Dosch, <a href=\"http:\/\/www.resscore.de\">RESSCORE<\/a>, \u00fcber die Begrenzung des Bauschadens mittels einfacher Ermittlung der Emissionen und Ressourcenrucksacks dort wo es wirklich z\u00e4hlt. Auf die Nachkommastellen zu verzichten, solle Kosten sparen, Bauwende lebe von klaren Anforderungen und es brauche kein &#8222;Nachhaltigkeitschischi&#8220;. Grundst\u00fccke solle man von vornherein nach Ressourcenkriterien vergeben. Beim K\u00fchlschrankkauf verstehe es schlie\u00dflich auch jede*r, weil es anhand einer einfachen A-G Skala draufsteht ob er Ressourcen spart, warum soll das nicht auch beim Hausbau gehen? Auf die Ma\u00dfnahmen die zeitnah wirken soll gesetzt werden, statt in die Glaskugel zu schauen was in 50 oder 100 Jahren passiert. Sehr sehenswert!<\/p>\n\n\n\n<p><\/p>\n\n\n\n<p><strong>09.10.2025 <\/strong>\u2013 Dr. Anna Braune: <strong>\u201eStudie, Kosten Nachhaltiges Bauen, ist das wirklich teurer?\u201c<\/strong><\/p>\n\n\n\n<figure class=\"wp-block-embed is-type-video is-provider-youtube wp-block-embed-youtube wp-embed-aspect-16-9 wp-has-aspect-ratio\"><div class=\"wp-block-embed__wrapper\">\n<iframe loading=\"lazy\" title=\"Dr. Anna Braune, DGNB: Studie, Kosten Nachhaltiges Bauen, ist das wirklich teurer?\" width=\"500\" height=\"281\" src=\"https:\/\/www.youtube.com\/embed\/l300PW54new?feature=oembed\" frameborder=\"0\" allow=\"accelerometer; autoplay; clipboard-write; encrypted-media; gyroscope; picture-in-picture; web-share\" referrerpolicy=\"strict-origin-when-cross-origin\" allowfullscreen><\/iframe>\n<\/div><\/figure>\n\n\n\n<p>Anna Braune, <a href=\"http:\/\/dgnb.de\" data-type=\"link\" data-id=\"dgnb.de\">DGNB<\/a> spricht \u00fcber eine <a href=\"https:\/\/www.dgnb.de\/de\/dgnb-richtig-nutzen\/newsroom\/presse\/artikel\/gebaeude-studie-belegt-mehr-klimaschutz-im-bauen-muss-nicht-zu-mehr-kosten-fuehren\">DGNB\/BPIE Studie mit 28 analysierten Geb\u00e4uden<\/a>. Im Widerspruch zu landl\u00e4ufiger Meinung: Hier konnte kein Zusammenhang festgestellt werden zwischen h\u00f6heren Baukosten und dem klimafreundlichen Bauen. Selbst bei den anspruchsvollsten Nachhaltigkeitszertifikaten DGNB Platin und Gold. Da die grauen Emissionen aus Bau und Herstellung etwa 50% in der Lebenszyklusbetrachtung ausmachen; und eben sofort anfallen, sei das Tragwerk von Geb\u00e4uden der Haupthebel.  Vor allem die technische Geb\u00e4udeausstattung (TGA) sei heute ein Kostentreiber und brauche kluge Planung. Nach den pr\u00e4sentierten Zahlen zur Klimawirkung, l\u00e4sst sich eindeutig Holz und generell nachwachsende Rohstoffe (nawaRo) als L\u00f6sung f\u00fcr das Emissionsproblem des Bauens erkennen. Planungsentscheidungen f\u00fcr nawaRo m\u00fcssen ganz zu Beginn fallen. Nachhaltigkeit ist dann kein teures &#8222;Add on&#8220;, mit intelligenter Planung mit Fokus auf das Tragwerk, lassen sich klimaschonende Geb\u00e4ude ohne Mehrkosten bauen.<\/p>\n\n\n\n<p><\/p>\n\n\n\n<p><\/p>\n\n\n\n<hr class=\"wp-block-separator has-alpha-channel-opacity\"\/>\n\n\n\n<p>Das Projekt \u201eBauKlima-kommunal\u201c wird in Zusammenarbeit mit der&nbsp;<a href=\"https:\/\/www.duh.de\/informieren\/waermewende-und-gebaeude\/bauklima-kommunal\/\">Deutschen Umwelthilfe<\/a>, dem&nbsp;&nbsp;<a href=\"https:\/\/www.cee.ed.tum.de\/enpb\/forschung\/laufende-forschungsprojekte\/bauklima-kommunal\/\">Lehrstuhl f\u00fcr energieeffizientes und nachhaltiges Planen und Bauen an der Technischen Universit\u00e4t M\u00fcnchen<\/a>&nbsp;und dem&nbsp;<strong>BIWENA e.V.<\/strong>&nbsp;durchgef\u00fchrt. Es wird gef\u00f6rdert durch die: Nationale Klimaschutzinitiative (<strong><a href=\"https:\/\/www.klimaschutz.de\/de\">NKI<\/a><\/strong>) des Bundesministerium f\u00fcr Umwelt, Klimaschutz, Naturschutz und nukleare Sicherheit (<strong><a href=\"https:\/\/www.bundesumweltministerium.de\/\">BMUKN<\/a><\/strong>) F\u00f6rderkennzeichen: 67KF0181B<\/p>\n\n\n\n<figure class=\"wp-block-image size-full is-resized\"><img loading=\"lazy\" decoding=\"async\" width=\"533\" height=\"1000\" src=\"https:\/\/biwena.de\/wp-content\/uploads\/2026\/01\/Logo-Teppich_BauKlima_2026_hoch_.png\" alt=\"\" class=\"wp-image-1281\" style=\"width:620px;height:auto\" srcset=\"https:\/\/biwena.de\/wp-content\/uploads\/2026\/01\/Logo-Teppich_BauKlima_2026_hoch_.png 533w, https:\/\/biwena.de\/wp-content\/uploads\/2026\/01\/Logo-Teppich_BauKlima_2026_hoch_-160x300.png 160w\" sizes=\"auto, (max-width: 533px) 100vw, 533px\" \/><\/figure>\n","protected":false},"excerpt":{"rendered":"<p>BauKlima-Kommunal Vortr\u00e4ge und Material Michael Burchert: \u201eDie kommunale Bauwende\u201c ( zum ARTIKEL \/ Handreichung PDF) 26.01.2026 &#8211; Dennis Harms, Baugestalt: &#8222;Sanieren mit Stroh&#8220; Dennis Harms, Baugestalt, zeigte, wie wir mit [&hellip;]<\/p>\n","protected":false},"author":3,"featured_media":0,"parent":150,"menu_order":0,"comment_status":"closed","ping_status":"closed","template":"","meta":{"_EventAllDay":false,"_EventTimezone":"","_EventStartDate":"","_EventEndDate":"","_EventStartDateUTC":"","_EventEndDateUTC":"","_EventShowMap":false,"_EventShowMapLink":false,"_EventURL":"","_EventCost":"","_EventCostDescription":"","_EventCurrencySymbol":"","_EventCurrencyCode":"","_EventCurrencyPosition":"","_EventDateTimeSeparator":"","_EventTimeRangeSeparator":"","_EventOrganizerID":[],"_EventVenueID":[],"_OrganizerEmail":"","_OrganizerPhone":"","_OrganizerWebsite":"","_VenueAddress":"","_VenueCity":"","_VenueCountry":"","_VenueProvince":"","_VenueState":"","_VenueZip":"","_VenuePhone":"","_VenueURL":"","_VenueStateProvince":"","_VenueLat":"","_VenueLng":"","_VenueShowMap":false,"_VenueShowMapLink":false,"_tribe_blocks_recurrence_rules":"","_tribe_blocks_recurrence_description":"","_tribe_blocks_recurrence_exclusions":"","footnotes":""},"class_list":["post-1434","page","type-page","status-publish","hentry"],"_links":{"self":[{"href":"https:\/\/biwena.de\/index.php\/wp-json\/wp\/v2\/pages\/1434","targetHints":{"allow":["GET"]}}],"collection":[{"href":"https:\/\/biwena.de\/index.php\/wp-json\/wp\/v2\/pages"}],"about":[{"href":"https:\/\/biwena.de\/index.php\/wp-json\/wp\/v2\/types\/page"}],"author":[{"embeddable":true,"href":"https:\/\/biwena.de\/index.php\/wp-json\/wp\/v2\/users\/3"}],"replies":[{"embeddable":true,"href":"https:\/\/biwena.de\/index.php\/wp-json\/wp\/v2\/comments?post=1434"}],"version-history":[{"count":32,"href":"https:\/\/biwena.de\/index.php\/wp-json\/wp\/v2\/pages\/1434\/revisions"}],"predecessor-version":[{"id":1537,"href":"https:\/\/biwena.de\/index.php\/wp-json\/wp\/v2\/pages\/1434\/revisions\/1537"}],"up":[{"embeddable":true,"href":"https:\/\/biwena.de\/index.php\/wp-json\/wp\/v2\/pages\/150"}],"wp:attachment":[{"href":"https:\/\/biwena.de\/index.php\/wp-json\/wp\/v2\/media?parent=1434"}],"curies":[{"name":"wp","href":"https:\/\/api.w.org\/{rel}","templated":true}]}}